{"id":8726,"date":"2022-05-02T16:25:09","date_gmt":"2022-05-02T16:25:09","guid":{"rendered":"https:\/\/novo.colegiodafonte.pt\/the-school\/"},"modified":"2024-10-29T19:31:46","modified_gmt":"2024-10-29T19:31:46","slug":"the-school","status":"publish","type":"page","link":"https:\/\/colegioquadrante.pt\/en\/the-school\/","title":{"rendered":"The School"},"content":{"rendered":"<p>[et_pb_section fb_built=&#8221;1&#8243; admin_label=&#8221;Title section&#8221; _builder_version=&#8221;4.16&#8243; custom_margin=&#8221;20px|60px|20px|60px|false|false&#8221; custom_margin_tablet=&#8221;&#8221; custom_margin_phone=&#8221;0px|0px|0px|0px&#8221; custom_margin_last_edited=&#8221;on|desktop&#8221; custom_padding=&#8221;120px||10px||false|false&#8221; collapsed=&#8221;off&#8221; global_colors_info=&#8221;{}&#8221;][et_pb_row _builder_version=&#8221;4.16&#8243; _module_preset=&#8221;default&#8221; global_colors_info=&#8221;{}&#8221;][et_pb_column type=&#8221;4_4&#8243; _builder_version=&#8221;4.16&#8243; _module_preset=&#8221;default&#8221; global_colors_info=&#8221;{}&#8221;][et_pb_text admin_label=&#8221;section title and headline&#8221; _builder_version=&#8221;4.21.0&#8243; text_font=&#8221;||||||||&#8221; text_text_color=&#8221;#282828&#8243; header_font=&#8221;||||||||&#8221; header_text_color=&#8221;#282828&#8243; header_2_font=&#8221;Bungee|||on|||||&#8221; header_2_text_align=&#8221;center&#8221; header_2_text_color=&#8221;#282828&#8243; header_2_font_size=&#8221;30px&#8221; header_2_letter_spacing=&#8221;1px&#8221; header_2_line_height=&#8221;1.9rem&#8221; header_5_font=&#8221;|||on|||||&#8221; header_5_text_align=&#8221;center&#8221; header_5_text_color=&#8221;#000000&#8243; header_5_font_size=&#8221;14px&#8221; module_alignment=&#8221;center&#8221; custom_margin=&#8221;||10px|&#8221; custom_padding=&#8221;||||false|false&#8221; animation_style=&#8221;fade&#8221; header_2_font_size_tablet=&#8221;30px&#8221; header_2_font_size_phone=&#8221;28px&#8221; header_2_font_size_last_edited=&#8221;on|phone&#8221; global_colors_info=&#8221;{}&#8221;]<\/p>\n<h5>About the School<\/h5>\n<h2>We educate empathetic, resilient and<br \/>entrepreneurial citizens<\/h2>\n<p>[\/et_pb_text][\/et_pb_column][\/et_pb_row][\/et_pb_section][et_pb_section fb_built=&#8221;1&#8243; admin_label=&#8221;Slider internas&#8221; _builder_version=&#8221;4.16&#8243; _module_preset=&#8221;default&#8221; background_enable_color=&#8221;off&#8221; custom_padding=&#8221;0px||10px||false|false&#8221; background_color_tablet=&#8221;#efefef&#8221; background_last_edited=&#8221;on|phone&#8221; background_enable_color_tablet=&#8221;on&#8221; global_colors_info=&#8221;{}&#8221;][et_pb_row _builder_version=&#8221;4.16&#8243; _module_preset=&#8221;default&#8221; background_enable_color=&#8221;off&#8221; global_colors_info=&#8221;{}&#8221;][et_pb_column type=&#8221;4_4&#8243; _builder_version=&#8221;4.16&#8243; _module_preset=&#8221;default&#8221; global_colors_info=&#8221;{}&#8221;][et_pb_slider show_image_video_mobile=&#8221;on&#8221; arrows_custom_color=&#8221;#004E7F&#8221; dot_nav_custom_color=&#8221;#004E7F&#8221; show_arrows_tablet=&#8221;&#8221; show_arrows_phone=&#8221;off&#8221; show_arrows_last_edited=&#8221;on|desktop&#8221; _builder_version=&#8221;4.21.0&#8243; _module_preset=&#8221;default&#8221; header_text_align=&#8221;left&#8221; header_text_color=&#8221;#282828&#8243; header_font_size=&#8221;22px&#8221; header_line_height=&#8221;1.2em&#8221; body_text_color=&#8221;#282828&#8243; body_font_size=&#8221;16px&#8221; background_color=&#8221;#efefef&#8221; text_orientation=&#8221;left&#8221; height_tablet=&#8221;&#8221; height_phone=&#8221;&#8221; height_last_edited=&#8221;on|phone&#8221; custom_padding=&#8221;3%||3%||false|false&#8221; custom_padding_tablet=&#8221;&#8221; custom_padding_phone=&#8221;3%|5%|3%|5%|false|false&#8221; custom_padding_last_edited=&#8221;on|desktop&#8221; border_radii_image=&#8221;on|50%|50%|50%|50%&#8221; global_colors_info=&#8221;{}&#8221;][et_pb_slide image=&#8221;https:\/\/colegioquadrante.pt\/wp-content\/uploads\/2023\/07\/o-colegio-slider-600px-arte.jpg&#8221; admin_title=&#8221;Educa\u00e7\u00e3o pela arte&#8221; _builder_version=&#8221;4.21.0&#8243; _module_preset=&#8221;default&#8221; global_colors_info=&#8221;{}&#8221; sticky_transition=&#8221;on&#8221;]<\/p>\n<h5 class=\"slider-headline\">What distinguishes us<\/h5>\n<h3 class=\"slider-title\">Education through Art<\/h3>\n<p>Our students experience different forms of artistic expression, developing different skills: imagination, creativity, and aesthetic and artistic sensitivity.<\/p>\n<p>Through contact with various languages and diversified teaching in the artistic area, namely in the areas of visual arts, music, and theatre, they build multiple and complementary learning.<\/p>\n<p>[\/et_pb_slide][et_pb_slide image=&#8221;https:\/\/colegioquadrante.pt\/wp-content\/uploads\/2023\/07\/o-colegio-slider-600px-cambridge.jpg&#8221; admin_title=&#8221;Ingl\u00eas integrado e certifica\u00e7\u00e3o Cambridge&#8221; _builder_version=&#8221;4.21.0&#8243; _module_preset=&#8221;default&#8221; global_colors_info=&#8221;{}&#8221; sticky_transition=&#8221;on&#8221;]<\/p>\n<h5 class=\"slider-headline\">What distinguishes us<\/h5>\n<h3 class=\"slider-title\">Integrated english and Cambridge Certification<\/h3>\n<p>Our students benefit from an integrated learning of the English language: in an immersive and informal context \u2013 naturally present in their daily routines \u2013 and in formal academic moments \u2013 classes.<\/p>\n<p>This learning is carried out in a school context, through significant everyday experiences, facilitates the appropriation of the English language and the construction of a relationship of familiarity and pleasure with the language.<\/p>\n<p>[\/et_pb_slide][et_pb_slide image=&#8221;https:\/\/colegioquadrante.pt\/wp-content\/uploads\/2023\/07\/o-colegio-slider-600px-legado.jpg&#8221; admin_title=&#8221;Legado pedag\u00f3gico e cultural&#8221; _builder_version=&#8221;4.21.0&#8243; _module_preset=&#8221;default&#8221; global_colors_info=&#8221;{}&#8221; sticky_transition=&#8221;on&#8221;]<\/p>\n<h5 class=\"slider-headline\">What distinguishes us<\/h5>\n<h3 class=\"slider-title\">Pedagogical and cultural legacy<\/h3>\n<p>The educational project at Col\u00e9gio Quadrante respects the pedagogical legacy and identity of the two projects that risen from it.<\/p>\n<p>Students develop activities and projects with a social impact where they get to know and value the legacy of the local community of Cascais \u2013 natural, cultural, and historical heritage.<\/p>\n<p>[\/et_pb_slide][et_pb_slide image=&#8221;https:\/\/colegioquadrante.pt\/wp-content\/uploads\/2023\/07\/o-colegio-slider-600px-integ-tecnologia.jpg&#8221; admin_title=&#8221;Integra\u00e7\u00e3o respons\u00e1vel da tecnologia&#8221; _builder_version=&#8221;4.21.0&#8243; _module_preset=&#8221;default&#8221; global_colors_info=&#8221;{}&#8221; sticky_transition=&#8221;on&#8221;]<\/p>\n<h5 class=\"slider-headline\">What distinguishes us<\/h5>\n<h3 class=\"slider-title\">Technological Responsible Integration<\/h3>\n<p>Our educational project includes training students in the area of digital education. The aim is the pedagogical integration and responsible use of digital technologies and the innovation and improvement of learning, valuing interdisciplinarity and active methodologies supported by digital.<\/p>\n<p>[\/et_pb_slide][et_pb_slide image=&#8221;https:\/\/colegioquadrante.pt\/wp-content\/uploads\/2023\/07\/o-colegio-slider-600px-inclusao.jpg&#8221; admin_title=&#8221;Ambiente intercultural e inclusivo&#8221; _builder_version=&#8221;4.21.0&#8243; _module_preset=&#8221;default&#8221; global_colors_info=&#8221;{}&#8221; sticky_transition=&#8221;on&#8221;]<\/p>\n<h5 class=\"slider-headline\">What distinguishes us<\/h5>\n<h3 class=\"slider-title\">Intercultural and Inclusive Environment<\/h3>\n<p>Our school offers an intercultural and inclusive educational environment. We welcome students and families of multiple nationalities \u2013 a reflection of our local community \u2013 that we integrate, valuing diversity, mutual respect, and cultural exchange.<\/p>\n<p>We have the support of Portuguese teachers, who specialises in non-native Portuguese language teaching and the Multidisciplinary Support Team for Inclusive Education.<\/p>\n<p>[\/et_pb_slide][et_pb_slide image=&#8221;https:\/\/colegioquadrante.pt\/wp-content\/uploads\/2023\/07\/o-colegio-slider-600px-impacto.jpg&#8221; admin_title=&#8221;Cidadania ativa e compromisso com a sustentabilidade&#8221; _builder_version=&#8221;4.21.0&#8243; _module_preset=&#8221;default&#8221; global_colors_info=&#8221;{}&#8221; sticky_transition=&#8221;on&#8221;]<\/p>\n<h5 class=\"slider-headline\">What distinguishes us<\/h5>\n<h3 class=\"slider-title\">Active citizenship and commitment to sustainability<\/h3>\n<p>At our school, students are encouraged early on to exercise active citizenship and assume a commitment to sustainability.<\/p>\n<p>They develop numerous activities and projects, becoming agents of change, conscious and responsible, in favour of a more sustainable future.<\/p>\n<p>[\/et_pb_slide][\/et_pb_slider][\/et_pb_column][\/et_pb_row][\/et_pb_section][et_pb_section fb_built=&#8221;1&#8243; _builder_version=&#8221;4.16&#8243; _module_preset=&#8221;default&#8221; custom_padding=&#8221;0px||10px||false|false&#8221; global_colors_info=&#8221;{}&#8221;][et_pb_row column_structure=&#8221;1_2,1_2&#8243; _builder_version=&#8221;4.16&#8243; _module_preset=&#8221;default&#8221; width_tablet=&#8221;&#8221; width_phone=&#8221;100%&#8221; width_last_edited=&#8221;on|phone&#8221; global_colors_info=&#8221;{}&#8221;][et_pb_column type=&#8221;1_2&#8243; _builder_version=&#8221;4.16&#8243; _module_preset=&#8221;default&#8221; global_colors_info=&#8221;{}&#8221;][et_pb_text admin_label=&#8221;underline title h3&#8243; module_class=&#8221;underline-title&#8221; _builder_version=&#8221;4.18.0&#8243; text_font=&#8221;||||||||&#8221; header_font=&#8221;||||||||&#8221; header_2_font=&#8221;Bungee|||on|||||&#8221; header_2_text_align=&#8221;left&#8221; header_2_font_size=&#8221;30px&#8221; header_2_letter_spacing=&#8221;4px&#8221; header_3_font=&#8221;Bungee||||||||&#8221; width_tablet=&#8221;&#8221; width_phone=&#8221;80%&#8221; width_last_edited=&#8221;on|phone&#8221; module_alignment=&#8221;center&#8221; custom_margin=&#8221;||10px||false|false&#8221; custom_padding=&#8221;|||&#8221; animation_style=&#8221;fade&#8221; global_colors_info=&#8221;{}&#8221;]<\/p>\n<h3>Mission and values<\/h3>\n<p>[\/et_pb_text][et_pb_text admin_label=&#8221;texto missao&#8221; _builder_version=&#8221;4.21.0&#8243; _module_preset=&#8221;default&#8221; text_text_color=&#8221;#282828&#8243; text_font_size=&#8221;18px&#8221; width_tablet=&#8221;&#8221; width_phone=&#8221;80%&#8221; width_last_edited=&#8221;on|phone&#8221; custom_margin=&#8221;20px||90px||false|false&#8221; module_alignment_tablet=&#8221;&#8221; module_alignment_phone=&#8221;center&#8221; module_alignment_last_edited=&#8221;on|phone&#8221; global_colors_info=&#8221;{}&#8221;]Our mission is, in a familiar, intercultural and inclusive environment, to educate creative, resilient and collaborative children, with confidence to face present and future challenges.[\/et_pb_text][et_pb_blurb title=&#8221;INTERCULTURALITY AND INCLUSION&#8221; image=&#8221;https:\/\/colegioquadrante.pt\/wp-content\/uploads\/2023\/07\/o-colegio-missao-valores-detail-blurbs-600x400px-inclusao.jpg&#8221; image_icon_width=&#8221;90%&#8221; admin_label=&#8221;Amizade e sentimento de perten\u00e7a&#8221; module_class=&#8221;diferenciadores-blurb&#8221; _builder_version=&#8221;4.21.0&#8243; _module_preset=&#8221;default&#8221; header_font=&#8221;Bungee||||||||&#8221; header_text_color=&#8221;#282828&#8243; header_font_size=&#8221;25px&#8221; header_line_height=&#8221;1.2em&#8221; body_text_align=&#8221;left&#8221; body_text_color=&#8221;#282828&#8243; body_font_size=&#8221;16px&#8221; background_color=&#8221;#efefef&#8221; image_icon_custom_margin=&#8221;-40px||||false|false&#8221; custom_margin=&#8221;||80px||false|false&#8221; custom_padding=&#8221;||||false|false&#8221; global_colors_info=&#8221;{}&#8221;]We value cultural diversity, respect, exchange of experiences and dialogue between cultures. We ensure the inclusion of all children, guaranteeing equal opportunities for development, learning and participation. [\/et_pb_blurb][et_pb_blurb title=&#8221;Familiar and affective environment&#8221; image=&#8221;https:\/\/colegioquadrante.pt\/wp-content\/uploads\/2023\/07\/o-colegio-missao-valores-detail-blurbs-600x400px-acolhedor.jpg&#8221; image_icon_width=&#8221;90%&#8221; admin_label=&#8221;Dedica\u00e7\u00e3o e supera\u00e7\u00e3o&#8221; module_class=&#8221;diferenciadores-blurb&#8221; _builder_version=&#8221;4.21.0&#8243; _module_preset=&#8221;default&#8221; header_font=&#8221;Bungee||||||||&#8221; header_text_color=&#8221;#282828&#8243; header_font_size=&#8221;25px&#8221; header_line_height=&#8221;1.2em&#8221; body_text_align=&#8221;left&#8221; body_text_color=&#8221;#282828&#8243; body_font_size=&#8221;16px&#8221; body_link_font=&#8221;|600|||||||&#8221; body_link_text_color=&#8221;#E73228&#8243; background_color=&#8221;#C0D3DF&#8221; image_icon_custom_margin=&#8221;-40px||||false|false&#8221; custom_margin=&#8221;||80px||false|false&#8221; custom_padding=&#8221;||||false|false&#8221; global_colors_info=&#8221;{}&#8221;]<\/p>\n<p><span>We value the construction of family-friendly educational environments that are comfortable, safe and welcoming meeting spaces. We encourage collaboration, closeness and the establishment of healthy and authentic emotional bonds. <\/span><\/p>\n<p>[\/et_pb_blurb][et_pb_blurb title=&#8221;Openness and cooperation&#8221; image=&#8221;https:\/\/colegioquadrante.pt\/wp-content\/uploads\/2023\/07\/cooperacao-quadrante.jpg&#8221; image_icon_width=&#8221;90%&#8221; admin_label=&#8221;Abertura e coopera\u00e7\u00e3o&#8221; module_class=&#8221;diferenciadores-blurb&#8221; _builder_version=&#8221;4.21.0&#8243; _module_preset=&#8221;default&#8221; header_font=&#8221;Bungee||||||||&#8221; header_text_color=&#8221;#282828&#8243; header_font_size=&#8221;25px&#8221; header_line_height=&#8221;1.2em&#8221; body_text_align=&#8221;left&#8221; body_text_color=&#8221;#282828&#8243; body_font_size=&#8221;16px&#8221; background_color=&#8221;#efefef&#8221; image_icon_custom_margin=&#8221;-40px||||false|false&#8221; custom_margin=&#8221;||80px||false|false&#8221; custom_padding=&#8221;||||false|false&#8221; global_colors_info=&#8221;{}&#8221;]<\/p>\n<p><span>We understand the importance of direct and transparent communication, as well as openness and receptivity to new ideas, opinions and experiences. We promote cooperative and inclusive environments, characterised by mutual trust, respect, tolerance and reciprocity. <\/span><\/p>\n<p>[\/et_pb_blurb][\/et_pb_column][et_pb_column type=&#8221;1_2&#8243; _builder_version=&#8221;4.16&#8243; _module_preset=&#8221;default&#8221; global_colors_info=&#8221;{}&#8221;][et_pb_blurb title=&#8221;Lifelong learning&#8221; image=&#8221;https:\/\/colegioquadrante.pt\/wp-content\/uploads\/2023\/07\/o-colegio-missao-valores-detail-blurbs-600x400px-aprendizagem-longo-vida.jpg&#8221; image_icon_width=&#8221;90%&#8221; content_max_width_tablet=&#8221;&#8221; content_max_width_phone=&#8221;&#8221; content_max_width_last_edited=&#8221;on|phone&#8221; admin_label=&#8221;Humanismo e cidadania&#8221; module_class=&#8221;diferenciadores-blurb&#8221; _builder_version=&#8221;4.21.0&#8243; _module_preset=&#8221;default&#8221; header_font=&#8221;Bungee||||||||&#8221; header_text_color=&#8221;#282828&#8243; header_font_size=&#8221;25px&#8221; header_line_height=&#8221;1.2em&#8221; body_text_align=&#8221;left&#8221; body_text_color=&#8221;#282828&#8243; body_font_size=&#8221;16px&#8221; background_color=&#8221;#C0D3DF&#8221; image_icon_custom_margin=&#8221;-40px||||false|false&#8221; width_tablet=&#8221;&#8221; width_phone=&#8221;&#8221; width_last_edited=&#8221;on|phone&#8221; custom_margin=&#8221;60px||80px||false|false&#8221; custom_margin_tablet=&#8221;60px||80px||false|false&#8221; custom_margin_phone=&#8221;0px||||false|false&#8221; custom_margin_last_edited=&#8221;on|phone&#8221; custom_padding=&#8221;||||false|false&#8221; global_colors_info=&#8221;{}&#8221;]<\/p>\n<p><span>We value continuous learning and personal development, recognising the importance of permanent updating in a rapidly evolving world. We encourage a proactive attitude in the search for new knowledge, learning opportunities and personal fulfillment. <\/span><\/p>\n<p>[\/et_pb_blurb][et_pb_blurb title=&#8221;Social Impact&#8221; image=&#8221;https:\/\/colegioquadrante.pt\/wp-content\/uploads\/2023\/07\/etica-impacto-social-quadrante.jpg&#8221; image_icon_width=&#8221;90%&#8221; admin_label=&#8221;\u00c9tica e impacto social&#8221; module_class=&#8221;diferenciadores-blurb&#8221; _builder_version=&#8221;4.21.0&#8243; _module_preset=&#8221;default&#8221; header_font=&#8221;Bungee||||||||&#8221; header_text_color=&#8221;#282828&#8243; header_font_size=&#8221;25px&#8221; header_line_height=&#8221;1.2em&#8221; body_text_align=&#8221;left&#8221; body_text_color=&#8221;#282828&#8243; body_font_size=&#8221;16px&#8221; background_color=&#8221;#efefef&#8221; image_icon_custom_margin=&#8221;-40px||||false|false&#8221; custom_margin=&#8221;||80px||false|false&#8221; custom_padding=&#8221;||||false|false&#8221; global_colors_info=&#8221;{}&#8221;]<\/p>\n<p><span>We embrace sustainable development objectives, committing to practices aligned with managerial, ethical, social, environmental and quality standards. We promote the exercise of active, informed and responsible citizenship, with a positive social impact on the local and global community. <\/span><\/p>\n<p>[\/et_pb_blurb][et_pb_blurb title=&#8221;Global and Entrepreneurial Vision&#8221; image=&#8221;https:\/\/colegioquadrante.pt\/wp-content\/uploads\/2023\/07\/o-colegio-missao-valores-detail-blurbs-600x400px-empreendedor.jpg&#8221; image_icon_width=&#8221;90%&#8221; admin_label=&#8221;Vis\u00e3o global e empreendedora&#8221; module_class=&#8221;diferenciadores-blurb&#8221; _builder_version=&#8221;4.21.0&#8243; _module_preset=&#8221;default&#8221; header_font=&#8221;Bungee||||||||&#8221; header_text_color=&#8221;#282828&#8243; header_font_size=&#8221;25px&#8221; header_line_height=&#8221;1.2em&#8221; body_text_align=&#8221;left&#8221; body_text_color=&#8221;#282828&#8243; body_font_size=&#8221;16px&#8221; background_color=&#8221;#C0D3DF&#8221; image_icon_custom_margin=&#8221;-40px||||false|false&#8221; custom_margin=&#8221;||80px||false|false&#8221; custom_margin_tablet=&#8221;||80px||false|false&#8221; custom_margin_phone=&#8221;||80px||false|false&#8221; custom_margin_last_edited=&#8221;on|phone&#8221; custom_padding=&#8221;||||false|false&#8221; global_colors_info=&#8221;{}&#8221;]<\/p>\n<p><span>We assume a global and entrepreneurial vision, which seeks a comprehensive and integrated understanding of Education and the World, considering different perspectives and concepts. We encourage the development of skills such as critical thinking, proactivity, decision-making and resilience, as well as the ability to generate new ideas, act on opportunities and create value. <\/span><\/p>\n<p>[\/et_pb_blurb][\/et_pb_column][\/et_pb_row][\/et_pb_section][et_pb_section fb_built=&#8221;1&#8243; custom_padding_last_edited=&#8221;on|phone&#8221; _builder_version=&#8221;4.21.0&#8243; background_color=&#8221;#004E7F&#8221; max_width=&#8221;80%&#8221; max_width_tablet=&#8221;100%&#8221; max_width_phone=&#8221;100%&#8221; max_width_last_edited=&#8221;on|desktop&#8221; module_alignment=&#8221;center&#8221; custom_margin=&#8221;30px||50px||false|false&#8221; custom_margin_tablet=&#8221;30px||50px||false|false&#8221; custom_margin_phone=&#8221;30px||50px||false|false&#8221; custom_margin_last_edited=&#8221;on|phone&#8221; custom_padding=&#8221;20px||40px||false|false&#8221; custom_padding_tablet=&#8221;20px||40px||false|false&#8221; custom_padding_phone=&#8221;10px||10px||false|false&#8221; global_module=&#8221;4346&#8243; global_colors_info=&#8221;{}&#8221;][et_pb_row column_structure=&#8221;1_2,1_4,1_4&#8243; _builder_version=&#8221;4.16&#8243; background_enable_color=&#8221;off&#8221; background_size=&#8221;initial&#8221; background_position=&#8221;top_left&#8221; background_repeat=&#8221;repeat&#8221; custom_margin=&#8221;||||false|false&#8221; global_colors_info=&#8221;{}&#8221;][et_pb_column type=&#8221;1_2&#8243; _builder_version=&#8221;4.16&#8243; _module_preset=&#8221;default&#8221; global_colors_info=&#8221;{}&#8221;][et_pb_text _builder_version=&#8221;4.27.2&#8243; _module_preset=&#8221;default&#8221; text_font=&#8221;|300|||||||&#8221; text_text_color=&#8221;#ffffff&#8221; text_font_size=&#8221;18px&#8221; header_3_font=&#8221;Bungee||||||||&#8221; header_3_text_color=&#8221;#ffffff&#8221; header_3_font_size=&#8221;30px&#8221; header_3_line_height=&#8221;1.4em&#8221; global_colors_info=&#8221;{}&#8221;]<\/p>\n<h3>Talk With Us<\/h3>\n<p>Discover the educational project of Col\u00e9gio Quadrante<br \/>and ensure a complete and individualized learning<br \/>and development experience.[\/et_pb_text][\/et_pb_column][et_pb_column type=&#8221;1_4&#8243; _builder_version=&#8221;4.16&#8243; _module_preset=&#8221;default&#8221; global_colors_info=&#8221;{}&#8221;][et_pb_button button_url=&#8221;@ET-DC@eyJkeW5hbWljIjp0cnVlLCJjb250ZW50IjoicG9zdF9saW5rX3VybF9wYWdlIiwic2V0dGluZ3MiOnsicG9zdF9pZCI6IjUxOTgiLCJlbmFibGVfaHRtbCI6Im9mZiJ9fQ==@&#8221; button_text=&#8221;Pre-registration&#8221; button_alignment=&#8221;center&#8221; _builder_version=&#8221;4.21.0&#8243; _dynamic_attributes=&#8221;button_url&#8221; _module_preset=&#8221;default&#8221; custom_button=&#8221;on&#8221; button_text_size=&#8221;14px&#8221; button_text_color=&#8221;#165183&#8243; button_bg_color=&#8221;#ffffff&#8221; button_border_color=&#8221;#ffffff&#8221; button_border_radius=&#8221;5px&#8221; button_font=&#8221;|800|||||||&#8221; button_use_icon=&#8221;off&#8221; custom_margin=&#8221;50px||||false|false&#8221; custom_margin_tablet=&#8221;30px||||false|false&#8221; custom_margin_phone=&#8221;20px||||false|false&#8221; custom_margin_last_edited=&#8221;on|phone&#8221; custom_padding=&#8221;||||false|false&#8221; custom_css_main_element=&#8221;width: 100%;&#8221; global_colors_info=&#8221;{}&#8221; button_bg_color__hover_enabled=&#8221;on|hover&#8221; button_bg_color__hover=&#8221;#E8E8E8&#8243; button_bg_enable_color__hover=&#8221;on&#8221; button_border_color__hover_enabled=&#8221;on|hover&#8221; button_border_color__hover=&#8221;#E8E8E8&#8243; button_text_color__hover_enabled=&#8221;on|desktop&#8221; button_text_color__hover=&#8221;#165183&#8243;][\/et_pb_button][\/et_pb_column][et_pb_column type=&#8221;1_4&#8243; _builder_version=&#8221;4.16&#8243; _module_preset=&#8221;default&#8221; global_colors_info=&#8221;{}&#8221;][et_pb_button button_url=&#8221;@ET-DC@eyJkeW5hbWljIjp0cnVlLCJjb250ZW50IjoicG9zdF9saW5rX3VybF9wYWdlIiwic2V0dGluZ3MiOnsicG9zdF9pZCI6IjUzNTUiLCJlbmFibGVfaHRtbCI6Im9mZiJ9fQ==@&#8221; button_text=&#8221;Contacts&#8221; button_alignment=&#8221;center&#8221; _builder_version=&#8221;4.21.0&#8243; _dynamic_attributes=&#8221;button_url&#8221; _module_preset=&#8221;default&#8221; custom_button=&#8221;on&#8221; button_text_size=&#8221;14px&#8221; button_text_color=&#8221;#ffffff&#8221; button_bg_color=&#8221;#004E7F&#8221; button_border_color=&#8221;#ffffff&#8221; button_border_radius=&#8221;5px&#8221; button_font=&#8221;|800|||||||&#8221; button_use_icon=&#8221;off&#8221; custom_margin=&#8221;50px||||false|false&#8221; custom_margin_tablet=&#8221;30px||||false|false&#8221; custom_margin_phone=&#8221;0px||||false|false&#8221; custom_margin_last_edited=&#8221;on|phone&#8221; custom_padding=&#8221;||||false|false&#8221; custom_css_main_element=&#8221;width: 100%;&#8221; global_colors_info=&#8221;{}&#8221; button_bg_color__hover_enabled=&#8221;on|desktop&#8221; button_bg_color__hover=&#8221;#ffffff&#8221; button_bg_enable_color__hover=&#8221;on&#8221; button_border_color__hover_enabled=&#8221;on|hover&#8221; button_border_color__hover=&#8221;#ffffff&#8221; button_text_color__hover_enabled=&#8221;on|desktop&#8221; button_text_color__hover=&#8221;#004E7F&#8221;][\/et_pb_button][\/et_pb_column][\/et_pb_row][\/et_pb_section][et_pb_section fb_built=&#8221;1&#8243; _builder_version=&#8221;4.21.0&#8243; _module_preset=&#8221;default&#8221; custom_padding=&#8221;||0px||false|false&#8221; global_colors_info=&#8221;{}&#8221;][et_pb_row _builder_version=&#8221;4.21.0&#8243; _module_preset=&#8221;default&#8221; global_colors_info=&#8221;{}&#8221;][et_pb_column type=&#8221;4_4&#8243; _builder_version=&#8221;4.21.0&#8243; _module_preset=&#8221;default&#8221; global_colors_info=&#8221;{}&#8221;][et_pb_text admin_label=&#8221;underline title h3&#8243; module_class=&#8221;underline-title&#8221; _builder_version=&#8221;4.21.0&#8243; text_font=&#8221;||||||||&#8221; header_font=&#8221;||||||||&#8221; header_2_font=&#8221;Bungee|||on|||||&#8221; header_2_text_align=&#8221;left&#8221; header_2_font_size=&#8221;30px&#8221; header_2_letter_spacing=&#8221;4px&#8221; header_3_font=&#8221;Bungee||||||||&#8221; width_tablet=&#8221;&#8221; width_phone=&#8221;80%&#8221; width_last_edited=&#8221;on|phone&#8221; module_alignment=&#8221;center&#8221; custom_margin=&#8221;||10px||false|false&#8221; custom_padding=&#8221;|||&#8221; animation_style=&#8221;fade&#8221; global_colors_info=&#8221;{}&#8221;]<\/p>\n<h3>History<\/h3>\n<p>[\/et_pb_text][et_pb_text admin_label=&#8221;texto missao&#8221; _builder_version=&#8221;4.21.0&#8243; _module_preset=&#8221;default&#8221; text_text_color=&#8221;#282828&#8243; text_font_size=&#8221;18px&#8221; width_tablet=&#8221;&#8221; width_phone=&#8221;80%&#8221; width_last_edited=&#8221;on|phone&#8221; custom_margin=&#8221;20px||40px||false|false&#8221; module_alignment_tablet=&#8221;&#8221; module_alignment_phone=&#8221;center&#8221; module_alignment_last_edited=&#8221;on|phone&#8221; global_colors_info=&#8221;{}&#8221;]<\/p>\n<p>The history of Col\u00e9gio Quadrante is the story of two educational projects with recognised quality and tradition in Cascais, which met and joined after joining the Project To Be group, with a clear identification with its mission and values.<\/p>\n<p>Both projects \u2013 Escolinha Tia L\u00f3 and Col\u00e9gio Europa \u2013 were family schools, which always favoured individual attention to each student and a close connection with families and the local community. These were projects that respected the pedagogical and cultural legacy of the school of its founders and the legacy of the local community \u2013 natural, cultural, and historical heritage.<\/p>\n<p>Col\u00e9gio Quadrante project was built on the need to continue previous projects, on recognition of their complementarity and on the desire to build a new project that could benefit from synergies in terms of teaching, teams, and educational places (after renovation work on the former Col\u00e9gio Europa).<\/p>\n<p>[\/et_pb_text][\/et_pb_column][\/et_pb_row][\/et_pb_section][et_pb_section fb_built=&#8221;1&#8243; disabled_on=&#8221;on|on|on&#8221; admin_label=&#8221;Slider internas&#8221; _builder_version=&#8221;4.21.0&#8243; _module_preset=&#8221;default&#8221; background_color=&#8221;#C0D3DF&#8221; custom_padding=&#8221;0px||10px||false|false&#8221; disabled=&#8221;on&#8221; global_colors_info=&#8221;{}&#8221;][et_pb_row _builder_version=&#8221;4.17.4&#8243; _module_preset=&#8221;default&#8221; background_enable_color=&#8221;off&#8221; global_colors_info=&#8221;{}&#8221;][et_pb_column type=&#8221;4_4&#8243; _builder_version=&#8221;4.16&#8243; _module_preset=&#8221;default&#8221; global_colors_info=&#8221;{}&#8221;][et_pb_slider show_image_video_mobile=&#8221;on&#8221; arrows_custom_color=&#8221;#004E7F&#8221; dot_nav_custom_color=&#8221;#004E7F&#8221; show_arrows_tablet=&#8221;&#8221; show_arrows_phone=&#8221;off&#8221; show_arrows_last_edited=&#8221;on|phone&#8221; _builder_version=&#8221;4.21.0&#8243; _module_preset=&#8221;default&#8221; header_text_align=&#8221;left&#8221; header_text_color=&#8221;#282828&#8243; header_font_size=&#8221;22px&#8221; header_line_height=&#8221;1.2em&#8221; body_text_color=&#8221;#282828&#8243; body_font_size=&#8221;16px&#8221; background_color=&#8221;#C0D3DF&#8221; text_orientation=&#8221;left&#8221; border_radii_image=&#8221;on|50%|50%|50%|50%&#8221; global_colors_info=&#8221;{}&#8221;][et_pb_slide image=&#8221;https:\/\/colegioquadrante.pt\/wp-content\/uploads\/2023\/07\/europa.jpg&#8221; admin_title=&#8221;Col\u00e9gio Europa &#8211; 1980&#8243; _builder_version=&#8221;4.21.0&#8243; _module_preset=&#8221;default&#8221; global_colors_info=&#8221;{}&#8221; sticky_transition=&#8221;on&#8221;]<\/p>\n<h5 class=\"slider-headline\">Col\u00e9gio Europa History<\/h5>\n<h3 class=\"slider-title\">1980<\/h3>\n<p>Col\u00e9gio Europa began its activity in 1980, in the amenities of \u201cExternato Gaivota\u201d, in Cascais. Initially only offering pre-school services, it also started to offer services for the primary in the 1981\/1982 school year.<\/p>\n<p>[\/et_pb_slide][et_pb_slide image=&#8221;https:\/\/colegioquadrante.pt\/wp-content\/uploads\/2023\/07\/europa.jpg&#8221; admin_title=&#8221;Col\u00e9gio Europa &#8211; 1983&#8243; _builder_version=&#8221;4.21.0&#8243; _module_preset=&#8221;default&#8221; global_colors_info=&#8221;{}&#8221; sticky_transition=&#8221;on&#8221;]<\/p>\n<h5 class=\"slider-headline\">Col\u00e9gio Europa History<\/h5>\n<h3 class=\"slider-title\">1983<\/h3>\n<p>In 1983, a new building was built to respond to the increase in the number of students, with the creation of \u201cExternato Europa\u201d, founded by Professor Maria Filomena Silva and Luis Gaio Louren\u00e7o.<\/p>\n<p>[\/et_pb_slide][et_pb_slide image=&#8221;https:\/\/colegioquadrante.pt\/wp-content\/uploads\/2023\/07\/europa.jpg&#8221; admin_title=&#8221;Col\u00e9gio Europa &#8211; 1987&#8243; _builder_version=&#8221;4.21.0&#8243; _module_preset=&#8221;default&#8221; global_colors_info=&#8221;{}&#8221; sticky_transition=&#8221;on&#8221;]<\/p>\n<h5 class=\"slider-headline\">Col\u00e9gio Europa History<\/h5>\n<h3 class=\"slider-title\">1987<\/h3>\n<p>From the school year 1987\/1988, the \u201cExternato Europa\u201d extends its activity to the preparatory school.<\/p>\n<p>[\/et_pb_slide][et_pb_slide image=&#8221;https:\/\/colegioquadrante.pt\/wp-content\/uploads\/2023\/07\/europa.jpg&#8221; admin_title=&#8221;Col\u00e9gio Europa &#8211; 2011&#8243; _builder_version=&#8221;4.21.0&#8243; _module_preset=&#8221;default&#8221; global_colors_info=&#8221;{}&#8221; sticky_transition=&#8221;on&#8221;]<\/p>\n<h5 class=\"slider-headline\">Col\u00e9gio Europa History<\/h5>\n<h3 class=\"slider-title\">2011<\/h3>\n<p>In 2011 expansion works were carried out for a second building and in 2012 the name was updated to Col\u00e9gio Europa, maintaining its identity, mission, and values.<\/p>\n<p>[\/et_pb_slide][et_pb_slide image=&#8221;https:\/\/colegioquadrante.pt\/wp-content\/uploads\/2023\/07\/europa.jpg&#8221; admin_title=&#8221;Col\u00e9gio Europa &#8211; 2022&#8243; _builder_version=&#8221;4.21.0&#8243; _module_preset=&#8221;default&#8221; global_colors_info=&#8221;{}&#8221; sticky_transition=&#8221;on&#8221;]<\/p>\n<h5 class=\"slider-headline\">Col\u00e9gio Europa History<\/h5>\n<h3 class=\"slider-title\">2022<\/h3>\n<p>In December 2022, Col\u00e9gio Europa joins the Project To Be educational group, with the General and Pedagogical Direction of Professor Ana Teresa Silva.<\/p>\n<p>[\/et_pb_slide][et_pb_slide image=&#8221;https:\/\/colegioquadrante.pt\/wp-content\/uploads\/2023\/07\/tia-lo.jpg&#8221; admin_title=&#8221;Escolinha Tia L\u00f3 &#8211; 1956&#8243; _builder_version=&#8221;4.21.0&#8243; _module_preset=&#8221;default&#8221; global_colors_info=&#8221;{}&#8221; sticky_transition=&#8221;on&#8221;]<\/p>\n<h5 class=\"slider-headline\">Escolinha Tia L\u00f3 History<\/h5>\n<h3 class=\"slider-title\">1956<\/h3>\n<p>The history of Escolinha Tia L\u00f3 began in Louren\u00e7o Marques, Mozambique, in 1956. It was initially a centre for recreational and artistic activities created by the painter Maria da Gl\u00f3ria Carvalho Seixas de Mesquita (1930-2016), known as Tia L\u00f3.<\/p>\n<p>[\/et_pb_slide][et_pb_slide image=&#8221;https:\/\/colegioquadrante.pt\/wp-content\/uploads\/2023\/07\/tia-lo.jpg&#8221; admin_title=&#8221;Escolinha Tia L\u00f3 &#8211; 1976&#8243; _builder_version=&#8221;4.21.0&#8243; _module_preset=&#8221;default&#8221; global_colors_info=&#8221;{}&#8221; sticky_transition=&#8221;on&#8221;]<\/p>\n<h5 class=\"slider-headline\">Escolinha Tia L\u00f3 History<\/h5>\n<h3 class=\"slider-title\">1976<\/h3>\n<p>In 1976, already in Portugal, Tia L\u00f3 opened Escolinha in Birre, with an educational project now dedicated to primary students. The dream was to reinvent pedagogy, to educate autonomous and creative students, active citizens in a world in permanent transformation.<\/p>\n<p>[\/et_pb_slide][et_pb_slide image=&#8221;https:\/\/colegioquadrante.pt\/wp-content\/uploads\/2023\/07\/tia-lo.jpg&#8221; admin_title=&#8221;Escolinha Tia L\u00f3 &#8211; 1989&#8243; _builder_version=&#8221;4.21.0&#8243; _module_preset=&#8221;default&#8221; global_colors_info=&#8221;{}&#8221; sticky_transition=&#8221;on&#8221;]<\/p>\n<h5 class=\"slider-headline\">Escolinha Tia L\u00f3 History<\/h5>\n<h3 class=\"slider-title\">1989<\/h3>\n<p>In 1989, there was a progressive transition to the direction of Teacher Nat\u00e1lia Rosa, who ensured respect for the founder&#8217;s legacy, maintaining the school&#8217;s name, logo and uniforms.<\/p>\n<p>[\/et_pb_slide][et_pb_slide image=&#8221;https:\/\/colegioquadrante.pt\/wp-content\/uploads\/2023\/07\/tia-lo.jpg&#8221; admin_title=&#8221;Escolinha Tia L\u00f3 &#8211; 2023&#8243; _builder_version=&#8221;4.21.0&#8243; _module_preset=&#8221;default&#8221; global_colors_info=&#8221;{}&#8221; sticky_transition=&#8221;on&#8221;]<\/p>\n<h5 class=\"slider-headline\">Escolinha Tia L\u00f3 History<\/h5>\n<h3 class=\"slider-title\">2023<\/h3>\n<p>In July 2023, Escolinha Tia L\u00f3 joins the Project To Be educational group.<\/p>\n<p>[\/et_pb_slide][\/et_pb_slider][\/et_pb_column][\/et_pb_row][\/et_pb_section][et_pb_section fb_built=&#8221;1&#8243; admin_label=&#8221;Slider internas&#8221; _builder_version=&#8221;4.21.0&#8243; _module_preset=&#8221;default&#8221; background_color=&#8221;#C0D3DF&#8221; custom_padding=&#8221;0px||10px||false|false&#8221; global_colors_info=&#8221;{}&#8221;][et_pb_row column_structure=&#8221;1_2,1_2&#8243; _builder_version=&#8221;4.17.4&#8243; _module_preset=&#8221;default&#8221; background_enable_color=&#8221;off&#8221; global_colors_info=&#8221;{}&#8221;][et_pb_column type=&#8221;1_2&#8243; _builder_version=&#8221;4.16&#8243; _module_preset=&#8221;default&#8221; global_colors_info=&#8221;{}&#8221;][et_pb_slider show_image_video_mobile=&#8221;on&#8221; arrows_custom_color=&#8221;#004E7F&#8221; dot_nav_custom_color=&#8221;#004E7F&#8221; show_arrows_tablet=&#8221;&#8221; show_arrows_phone=&#8221;off&#8221; show_arrows_last_edited=&#8221;on|phone&#8221; _builder_version=&#8221;4.21.0&#8243; _module_preset=&#8221;default&#8221; header_text_align=&#8221;left&#8221; header_text_color=&#8221;#282828&#8243; header_font_size=&#8221;22px&#8221; header_line_height=&#8221;1.2em&#8221; body_text_color=&#8221;#282828&#8243; body_font_size=&#8221;16px&#8221; background_color=&#8221;#C0D3DF&#8221; text_orientation=&#8221;left&#8221; custom_css_slide_image=&#8221;display: none;&#8221; custom_css_slide_arrows=&#8221;margin-left: -25px;||margin-right: -25px;&#8221; border_radii_image=&#8221;on|50%|50%|50%|50%&#8221; global_colors_info=&#8221;{}&#8221;][et_pb_slide image=&#8221;https:\/\/colegioquadrante.pt\/wp-content\/uploads\/2023\/07\/tia-lo.jpg&#8221; admin_title=&#8221;Escolinha Tia L\u00f3 &#8211; 1956&#8243; _builder_version=&#8221;4.21.0&#8243; _module_preset=&#8221;default&#8221; global_colors_info=&#8221;{}&#8221; sticky_transition=&#8221;on&#8221;]<\/p>\n<h5 class=\"slider-headline\">Escolinha Tia L\u00f3 History<\/h5>\n<h3 class=\"slider-title\">1956<\/h3>\n<p>The history of Escolinha Tia L\u00f3 began in Louren\u00e7o Marques, Mozambique, in 1956. It was initially a centre for recreational and artistic activities created by the painter Maria da Gl\u00f3ria Carvalho Seixas de Mesquita (1930-2016), known as Tia L\u00f3.<\/p>\n<p>[\/et_pb_slide][et_pb_slide image=&#8221;https:\/\/colegioquadrante.pt\/wp-content\/uploads\/2023\/07\/tia-lo.jpg&#8221; admin_title=&#8221;Escolinha Tia L\u00f3 &#8211; 1976&#8243; _builder_version=&#8221;4.21.0&#8243; _module_preset=&#8221;default&#8221; global_colors_info=&#8221;{}&#8221; sticky_transition=&#8221;on&#8221;]<\/p>\n<h5 class=\"slider-headline\">Escolinha Tia L\u00f3 History<\/h5>\n<h3 class=\"slider-title\">1976<\/h3>\n<p>In 1976, already in Portugal, Tia L\u00f3 opened Escolinha in Birre, with an educational project now dedicated to primary students. The dream was to reinvent pedagogy, to educate autonomous and creative students, active citizens in a world in permanent transformation.<\/p>\n<p>[\/et_pb_slide][et_pb_slide image=&#8221;https:\/\/colegioquadrante.pt\/wp-content\/uploads\/2023\/07\/tia-lo.jpg&#8221; admin_title=&#8221;Escolinha Tia L\u00f3 &#8211; 1989&#8243; _builder_version=&#8221;4.21.0&#8243; _module_preset=&#8221;default&#8221; global_colors_info=&#8221;{}&#8221; sticky_transition=&#8221;on&#8221;]<\/p>\n<h5 class=\"slider-headline\">Escolinha Tia L\u00f3 History<\/h5>\n<h3 class=\"slider-title\">1986<\/h3>\n<p>In 1986, there was a progressive transition to the direction of Teacher Nat\u00e1lia Rosa, who ensured respect for the founder&#8217;s legacy, maintaining the school&#8217;s name, logo and uniforms.<\/p>\n<p>[\/et_pb_slide][et_pb_slide image=&#8221;https:\/\/colegioquadrante.pt\/wp-content\/uploads\/2023\/07\/tia-lo.jpg&#8221; admin_title=&#8221;Escolinha Tia L\u00f3 &#8211; 2023&#8243; _builder_version=&#8221;4.21.0&#8243; _module_preset=&#8221;default&#8221; global_colors_info=&#8221;{}&#8221; sticky_transition=&#8221;on&#8221;]<\/p>\n<h5 class=\"slider-headline\">Escolinha Tia L\u00f3 History<\/h5>\n<h3 class=\"slider-title\">2023<\/h3>\n<p>In July 2023, Escolinha Tia L\u00f3 joins the Project To Be educational group.<\/p>\n<p>[\/et_pb_slide][\/et_pb_slider][\/et_pb_column][et_pb_column type=&#8221;1_2&#8243; _builder_version=&#8221;4.16&#8243; _module_preset=&#8221;default&#8221; global_colors_info=&#8221;{}&#8221;][et_pb_slider show_image_video_mobile=&#8221;on&#8221; arrows_custom_color=&#8221;#004E7F&#8221; dot_nav_custom_color=&#8221;#004E7F&#8221; show_arrows_tablet=&#8221;&#8221; show_arrows_phone=&#8221;off&#8221; show_arrows_last_edited=&#8221;on|phone&#8221; _builder_version=&#8221;4.21.0&#8243; _module_preset=&#8221;default&#8221; header_text_align=&#8221;left&#8221; header_text_color=&#8221;#282828&#8243; header_font_size=&#8221;22px&#8221; header_line_height=&#8221;1.2em&#8221; body_text_color=&#8221;#282828&#8243; body_font_size=&#8221;16px&#8221; background_color=&#8221;#C0D3DF&#8221; text_orientation=&#8221;left&#8221; custom_css_slide_image=&#8221;display: none;&#8221; custom_css_slide_arrows=&#8221;margin-left: -25px;||margin-right: -25px;&#8221; border_radii_image=&#8221;on|50%|50%|50%|50%&#8221; global_colors_info=&#8221;{}&#8221;][et_pb_slide image=&#8221;https:\/\/colegioquadrante.pt\/wp-content\/uploads\/2023\/07\/europa.jpg&#8221; admin_title=&#8221;Col\u00e9gio Europa &#8211; 1980&#8243; _builder_version=&#8221;4.21.0&#8243; _module_preset=&#8221;default&#8221; global_colors_info=&#8221;{}&#8221; sticky_transition=&#8221;on&#8221;]<\/p>\n<h5 class=\"slider-headline\">Col\u00e9gio Europa History<\/h5>\n<h3 class=\"slider-title\">1980<\/h3>\n<p>Col\u00e9gio Europa began its activity in 1980, in the amenities of \u201cExternato Gaivota\u201d, in Cascais. Initially only offering pre-school services, it also started to offer services for the primary in the 1981\/1982 school year.<\/p>\n<p>[\/et_pb_slide][et_pb_slide image=&#8221;https:\/\/colegioquadrante.pt\/wp-content\/uploads\/2023\/07\/europa.jpg&#8221; admin_title=&#8221;Col\u00e9gio Europa &#8211; 1983&#8243; _builder_version=&#8221;4.21.0&#8243; _module_preset=&#8221;default&#8221; global_colors_info=&#8221;{}&#8221; sticky_transition=&#8221;on&#8221;]<\/p>\n<h5 class=\"slider-headline\">Col\u00e9gio Europa History<\/h5>\n<h3 class=\"slider-title\">1983<\/h3>\n<p>In 1983, a new building was built to respond to the increase in the number of students, with the creation of \u201cExternato Europa\u201d, founded by Professor Maria Filomena Silva and Luis Gaio Louren\u00e7o.<\/p>\n<p>[\/et_pb_slide][et_pb_slide image=&#8221;https:\/\/colegioquadrante.pt\/wp-content\/uploads\/2023\/07\/europa.jpg&#8221; admin_title=&#8221;Col\u00e9gio Europa &#8211; 1987&#8243; _builder_version=&#8221;4.21.0&#8243; _module_preset=&#8221;default&#8221; global_colors_info=&#8221;{}&#8221; sticky_transition=&#8221;on&#8221;]<\/p>\n<h5 class=\"slider-headline\">Col\u00e9gio Europa History<\/h5>\n<h3 class=\"slider-title\">1987<\/h3>\n<p>From the school year 1987\/1988, the \u201cExternato Europa\u201d extends its activity to the preparatory school.<\/p>\n<p>[\/et_pb_slide][et_pb_slide image=&#8221;https:\/\/colegioquadrante.pt\/wp-content\/uploads\/2023\/07\/europa.jpg&#8221; admin_title=&#8221;Col\u00e9gio Europa &#8211; 2011&#8243; _builder_version=&#8221;4.21.0&#8243; _module_preset=&#8221;default&#8221; global_colors_info=&#8221;{}&#8221; sticky_transition=&#8221;on&#8221;]<\/p>\n<h5 class=\"slider-headline\">Col\u00e9gio Europa History<\/h5>\n<h3 class=\"slider-title\">2011<\/h3>\n<p>In 2011 expansion works were carried out for a second building and in 2012 the name was updated to Col\u00e9gio Europa, maintaining its identity, mission, and values.<\/p>\n<p>[\/et_pb_slide][et_pb_slide image=&#8221;https:\/\/colegioquadrante.pt\/wp-content\/uploads\/2023\/07\/europa.jpg&#8221; admin_title=&#8221;Col\u00e9gio Europa &#8211; 2022&#8243; _builder_version=&#8221;4.21.0&#8243; _module_preset=&#8221;default&#8221; global_colors_info=&#8221;{}&#8221; sticky_transition=&#8221;on&#8221;]<\/p>\n<h5 class=\"slider-headline\">Col\u00e9gio Europa History<\/h5>\n<h3 class=\"slider-title\">2022<\/h3>\n<p>In December 2022, Col\u00e9gio Europa joins the Project To Be educational group, with the General and Pedagogical Direction of Professor Ana Teresa Silva.<\/p>\n<p>[\/et_pb_slide][\/et_pb_slider][\/et_pb_column][\/et_pb_row][\/et_pb_section]<\/p>\n","protected":false},"excerpt":{"rendered":"<p>About the School We educate empathetic, resilient andentrepreneurial citizensWhat distinguishes us Education through Art Our students experience different forms of artistic expression, developing different skills: imagination, creativity, and aesthetic and artistic sensitivity. Through contact with various languages and diversified teaching in the artistic area, namely in the areas of visual arts, music, and theatre, they [&hellip;]<\/p>\n","protected":false},"author":3,"featured_media":0,"parent":0,"menu_order":0,"comment_status":"closed","ping_status":"closed","template":"","meta":{"_acf_changed":false,"_et_pb_use_builder":"on","_et_pb_old_content":"","_et_gb_content_width":"","footnotes":""},"class_list":["post-8726","page","type-page","status-publish","hentry"],"acf":[],"yoast_head":"<!-- This site is optimized with the Yoast SEO plugin v26.9 - https:\/\/yoast.com\/product\/yoast-seo-wordpress\/ -->\n<title>The School - Col\u00e9gio Quadrante<\/title>\n<meta name=\"robots\" content=\"index, follow, max-snippet:-1, max-image-preview:large, max-video-preview:-1\" \/>\n<link rel=\"canonical\" href=\"https:\/\/colegioquadrante.pt\/en\/the-school\/\" \/>\n<meta property=\"og:locale\" content=\"en_US\" \/>\n<meta property=\"og:type\" content=\"article\" \/>\n<meta property=\"og:title\" content=\"The School - Col\u00e9gio Quadrante\" \/>\n<meta property=\"og:description\" content=\"About the School We educate empathetic, resilient andentrepreneurial citizensWhat distinguishes us Education through Art Our students experience different forms of artistic expression, developing different skills: imagination, creativity, and aesthetic and artistic sensitivity. Through contact with various languages and diversified teaching in the artistic area, namely in the areas of visual arts, music, and theatre, they [&hellip;]\" \/>\n<meta property=\"og:site_name\" content=\"Col\u00e9gio Quadrante\" \/>\n<meta property=\"article:publisher\" content=\"https:\/\/www.facebook.com\/p\/Colgio-Quadrante-Cascais-100094628574430\/\" \/>\n<meta property=\"article:modified_time\" content=\"2024-10-29T19:31:46+00:00\" \/>\n<meta name=\"twitter:card\" content=\"summary_large_image\" \/>\n<meta name=\"twitter:label1\" content=\"Est. reading time\" \/>\n\t<meta name=\"twitter:data1\" content=\"21 minutes\" \/>\n<script type=\"application\/ld+json\" class=\"yoast-schema-graph\">{\"@context\":\"https:\/\/schema.org\",\"@graph\":[{\"@type\":\"WebPage\",\"@id\":\"https:\/\/colegioquadrante.pt\/en\/the-school\/\",\"url\":\"https:\/\/colegioquadrante.pt\/en\/the-school\/\",\"name\":\"The School - Col\u00e9gio Quadrante\",\"isPartOf\":{\"@id\":\"https:\/\/colegioquadrante.pt\/#website\"},\"datePublished\":\"2022-05-02T16:25:09+00:00\",\"dateModified\":\"2024-10-29T19:31:46+00:00\",\"breadcrumb\":{\"@id\":\"https:\/\/colegioquadrante.pt\/en\/the-school\/#breadcrumb\"},\"inLanguage\":\"en-US\",\"potentialAction\":[{\"@type\":\"ReadAction\",\"target\":[\"https:\/\/colegioquadrante.pt\/en\/the-school\/\"]}]},{\"@type\":\"BreadcrumbList\",\"@id\":\"https:\/\/colegioquadrante.pt\/en\/the-school\/#breadcrumb\",\"itemListElement\":[{\"@type\":\"ListItem\",\"position\":1,\"name\":\"In\u00edcio\",\"item\":\"https:\/\/colegioquadrante.pt\/en\/home\/\"},{\"@type\":\"ListItem\",\"position\":2,\"name\":\"The School\"}]},{\"@type\":\"WebSite\",\"@id\":\"https:\/\/colegioquadrante.pt\/#website\",\"url\":\"https:\/\/colegioquadrante.pt\/\",\"name\":\"Col\u00e9gio Quadrante\",\"description\":\"Legacy, English and Arts\",\"publisher\":{\"@id\":\"https:\/\/colegioquadrante.pt\/#organization\"},\"potentialAction\":[{\"@type\":\"SearchAction\",\"target\":{\"@type\":\"EntryPoint\",\"urlTemplate\":\"https:\/\/colegioquadrante.pt\/?s={search_term_string}\"},\"query-input\":{\"@type\":\"PropertyValueSpecification\",\"valueRequired\":true,\"valueName\":\"search_term_string\"}}],\"inLanguage\":\"en-US\"},{\"@type\":\"Organization\",\"@id\":\"https:\/\/colegioquadrante.pt\/#organization\",\"name\":\"Col\u00e9gio Quadrante\",\"url\":\"https:\/\/colegioquadrante.pt\/\",\"logo\":{\"@type\":\"ImageObject\",\"inLanguage\":\"en-US\",\"@id\":\"https:\/\/colegioquadrante.pt\/#\/schema\/logo\/image\/\",\"url\":\"https:\/\/colegioquadrante.pt\/wp-content\/uploads\/2023\/06\/Quadrante-Site-Ico.png\",\"contentUrl\":\"https:\/\/colegioquadrante.pt\/wp-content\/uploads\/2023\/06\/Quadrante-Site-Ico.png\",\"width\":512,\"height\":512,\"caption\":\"Col\u00e9gio Quadrante\"},\"image\":{\"@id\":\"https:\/\/colegioquadrante.pt\/#\/schema\/logo\/image\/\"},\"sameAs\":[\"https:\/\/www.facebook.com\/p\/Colgio-Quadrante-Cascais-100094628574430\/\",\"https:\/\/www.instagram.com\/colegio__quadrante\/\"]}]}<\/script>\n<!-- \/ Yoast SEO plugin. -->","yoast_head_json":{"title":"The School - Col\u00e9gio Quadrante","robots":{"index":"index","follow":"follow","max-snippet":"max-snippet:-1","max-image-preview":"max-image-preview:large","max-video-preview":"max-video-preview:-1"},"canonical":"https:\/\/colegioquadrante.pt\/en\/the-school\/","og_locale":"en_US","og_type":"article","og_title":"The School - Col\u00e9gio Quadrante","og_description":"About the School We educate empathetic, resilient andentrepreneurial citizensWhat distinguishes us Education through Art Our students experience different forms of artistic expression, developing different skills: imagination, creativity, and aesthetic and artistic sensitivity. Through contact with various languages and diversified teaching in the artistic area, namely in the areas of visual arts, music, and theatre, they [&hellip;]","og_site_name":"Col\u00e9gio Quadrante","article_publisher":"https:\/\/www.facebook.com\/p\/Colgio-Quadrante-Cascais-100094628574430\/","article_modified_time":"2024-10-29T19:31:46+00:00","twitter_card":"summary_large_image","twitter_misc":{"Est. reading time":"21 minutes"},"schema":{"@context":"https:\/\/schema.org","@graph":[{"@type":"WebPage","@id":"https:\/\/colegioquadrante.pt\/en\/the-school\/","url":"https:\/\/colegioquadrante.pt\/en\/the-school\/","name":"The School - Col\u00e9gio Quadrante","isPartOf":{"@id":"https:\/\/colegioquadrante.pt\/#website"},"datePublished":"2022-05-02T16:25:09+00:00","dateModified":"2024-10-29T19:31:46+00:00","breadcrumb":{"@id":"https:\/\/colegioquadrante.pt\/en\/the-school\/#breadcrumb"},"inLanguage":"en-US","potentialAction":[{"@type":"ReadAction","target":["https:\/\/colegioquadrante.pt\/en\/the-school\/"]}]},{"@type":"BreadcrumbList","@id":"https:\/\/colegioquadrante.pt\/en\/the-school\/#breadcrumb","itemListElement":[{"@type":"ListItem","position":1,"name":"In\u00edcio","item":"https:\/\/colegioquadrante.pt\/en\/home\/"},{"@type":"ListItem","position":2,"name":"The School"}]},{"@type":"WebSite","@id":"https:\/\/colegioquadrante.pt\/#website","url":"https:\/\/colegioquadrante.pt\/","name":"Col\u00e9gio Quadrante","description":"Legacy, English and Arts","publisher":{"@id":"https:\/\/colegioquadrante.pt\/#organization"},"potentialAction":[{"@type":"SearchAction","target":{"@type":"EntryPoint","urlTemplate":"https:\/\/colegioquadrante.pt\/?s={search_term_string}"},"query-input":{"@type":"PropertyValueSpecification","valueRequired":true,"valueName":"search_term_string"}}],"inLanguage":"en-US"},{"@type":"Organization","@id":"https:\/\/colegioquadrante.pt\/#organization","name":"Col\u00e9gio Quadrante","url":"https:\/\/colegioquadrante.pt\/","logo":{"@type":"ImageObject","inLanguage":"en-US","@id":"https:\/\/colegioquadrante.pt\/#\/schema\/logo\/image\/","url":"https:\/\/colegioquadrante.pt\/wp-content\/uploads\/2023\/06\/Quadrante-Site-Ico.png","contentUrl":"https:\/\/colegioquadrante.pt\/wp-content\/uploads\/2023\/06\/Quadrante-Site-Ico.png","width":512,"height":512,"caption":"Col\u00e9gio Quadrante"},"image":{"@id":"https:\/\/colegioquadrante.pt\/#\/schema\/logo\/image\/"},"sameAs":["https:\/\/www.facebook.com\/p\/Colgio-Quadrante-Cascais-100094628574430\/","https:\/\/www.instagram.com\/colegio__quadrante\/"]}]}},"_links":{"self":[{"href":"https:\/\/colegioquadrante.pt\/en\/wp-json\/wp\/v2\/pages\/8726","targetHints":{"allow":["GET"]}}],"collection":[{"href":"https:\/\/colegioquadrante.pt\/en\/wp-json\/wp\/v2\/pages"}],"about":[{"href":"https:\/\/colegioquadrante.pt\/en\/wp-json\/wp\/v2\/types\/page"}],"author":[{"embeddable":true,"href":"https:\/\/colegioquadrante.pt\/en\/wp-json\/wp\/v2\/users\/3"}],"replies":[{"embeddable":true,"href":"https:\/\/colegioquadrante.pt\/en\/wp-json\/wp\/v2\/comments?post=8726"}],"version-history":[{"count":40,"href":"https:\/\/colegioquadrante.pt\/en\/wp-json\/wp\/v2\/pages\/8726\/revisions"}],"predecessor-version":[{"id":11940,"href":"https:\/\/colegioquadrante.pt\/en\/wp-json\/wp\/v2\/pages\/8726\/revisions\/11940"}],"wp:attachment":[{"href":"https:\/\/colegioquadrante.pt\/en\/wp-json\/wp\/v2\/media?parent=8726"}],"curies":[{"name":"wp","href":"https:\/\/api.w.org\/{rel}","templated":true}]}}